{"id":1339,"date":"2021-09-23T12:07:21","date_gmt":"2021-09-23T15:07:21","guid":{"rendered":"https:\/\/www.grupotiradentes.com\/international\/?page_id=1339"},"modified":"2021-10-11T15:32:08","modified_gmt":"2021-10-11T18:32:08","slug":"programa-studies-of-the-u-s-institutes-susi-on-social-entrepreneurship","status":"publish","type":"page","link":"https:\/\/www.grupotiradentes.com\/international\/programa-studies-of-the-u-s-institutes-susi-on-social-entrepreneurship\/","title":{"rendered":"Programa Studies of the U.S. Institutes (SUSI) on Social Entrepreneurship"},"content":{"rendered":"\n<p><a href=\"https:\/\/www.grupotiradentes.com\/international\/wp-content\/uploads\/2021\/10\/APROVADOS.pdf\">Confira aqui<\/a> a lista dos 3 discentes aprovados, que ser\u00e3o nomeados para o processo de sele\u00e7\u00e3o externo.<\/p>\n\n\n\n<p><a href=\"https:\/\/www.grupotiradentes.com\/international\/wp-content\/uploads\/2021\/10\/Classificados.pdf\">Confira aqui<\/a> a lista de discentes classificados para a etapa de entrevistas!<\/p>\n\n\n\n<div class=\"wp-block-image\"><figure class=\"aligncenter is-resized\"><img loading=\"lazy\" decoding=\"async\" src=\"https:\/\/www.grupotiradentes.com\/international\/wp-content\/uploads\/2021\/09\/Banner-1024x545.png\" alt=\"\" class=\"wp-image-1340\" width=\"557\" height=\"296\" srcset=\"https:\/\/www.grupotiradentes.com\/international\/wp-content\/uploads\/2021\/09\/Banner-1024x545.png 1024w, https:\/\/www.grupotiradentes.com\/international\/wp-content\/uploads\/2021\/09\/Banner-300x160.png 300w, https:\/\/www.grupotiradentes.com\/international\/wp-content\/uploads\/2021\/09\/Banner-768x409.png 768w, https:\/\/www.grupotiradentes.com\/international\/wp-content\/uploads\/2021\/09\/Banner-1536x817.png 1536w, https:\/\/www.grupotiradentes.com\/international\/wp-content\/uploads\/2021\/09\/Banner-2048x1089.png 2048w, https:\/\/www.grupotiradentes.com\/international\/wp-content\/uploads\/2021\/09\/Banner-600x319.png 600w, https:\/\/www.grupotiradentes.com\/international\/wp-content\/uploads\/2021\/09\/Banner-200x106.png 200w, https:\/\/www.grupotiradentes.com\/international\/wp-content\/uploads\/2021\/09\/Banner-231x123.png 231w, https:\/\/www.grupotiradentes.com\/international\/wp-content\/uploads\/2021\/09\/Banner-500x266.png 500w\" sizes=\"auto, (max-width: 557px) 100vw, 557px\" \/><\/figure><\/div>\n\n\n\n<p class=\"has-text-align-left\">Os Studies of the U.S. Institutes s\u00e3o programas acad\u00eamicos com dura\u00e7\u00e3o de 5 a 6 semanas, focados em grupos de discentes, docentes e pesquisadores estrangeiros. Os institutos est\u00e3o sediados em universidades e faculdades espalhadas pelos Estados Unidos e incluem uma resid\u00eancia acad\u00eamica e a oportunidade de que os participantes se conectem com outros estudantes, pesquisadores e docentes estadunidenses. Os Institutos para L\u00edderes  Estudantis tamb\u00e9m oferecem atividades de servi\u00e7o \u00e0 comunidade e desenvolvimento de lideran\u00e7a.<\/p>\n\n\n\n<p>O que est\u00e1 sendo ofertado aqui \u00e9 uma <strong>oportunidade para DISCENTES<\/strong>, o <a href=\"https:\/\/exchanges.state.gov\/non-us\/program\/study-us-institutes-student-leaders\/details#social\">SUSI de Empreendedorismo Social<\/a>, um curso que consiste em 3 semanas de aulas remotas com a possibilidade de uma viagem de 2 semanas aos EUA para o desenvolvimento de atividades presenciais. Os temas trabalhados pelo curso ser\u00e3o:<\/p>\n\n\n\n<ul class=\"wp-block-list\"><li>Como habilidades empresariais podem abordar as quest\u00f5es sociais<\/li><li>Revis\u00e3o hist\u00f3rica de empresas com car\u00e1ter social e l\u00edderes comunit\u00e1rios a n\u00edvel global<\/li><li>Encontro com l\u00edderes comunit\u00e1rios estadunidenses<\/li><li>Desenvolvimento e gerenciamento organizacional<\/li><li>Como criar propostas de financiamento<\/li><li>Microfinan\u00e7as e planejamento estrat\u00e9gico de neg\u00f3cios<\/li><li>Mercados emergentes e an\u00e1lise de riscos<\/li><li>Mulheres e minorias no empreendedorismo<\/li><\/ul>\n\n\n\n<div class=\"wp-block-group\"><div class=\"wp-block-group__inner-container is-layout-flow wp-block-group-is-layout-flow\">\n<h2 class=\"has-text-align-center wp-block-heading\"><strong>Sobre os Requisitos Obrigat\u00f3rios<\/strong><\/h2>\n\n\n\n<p><strong>Para participar do programa, o candidato dever\u00e1, obrigatoriamente, preencher a todos os requisitos abaixo:<\/strong><\/p>\n\n\n\n<ol class=\"wp-block-list\"><li>Ter entre 18 e 25 anos de idade, residente e domiciliado no Brasil;<\/li><li>Estar regularmente matriculado na Universidade Tiradentes (UNIT-SE), Centro Universit\u00e1rio Tiradentes de Alagoas (UNIT-AL), Centro Universit\u00e1rio Tiradentes de Pernambuco (UNIT-PE) ou Faculdade Tiradentes de Jaboat\u00e3o dos Guararapes (FITS Piedade);<\/li><li>N\u00e3o ter previs\u00e3o de conclus\u00e3o do curso para um per\u00edodo anterior a 2022.2 (dezembro\/22);<\/li><li>Ter M\u00e9dia Geral Ponderada (MGP) maior de 8,0;<\/li><li>Ter pouca ou nenhuma experi\u00eancia de estudos no exterior anterior, seja nos EUA ou em qualquer pa\u00eds;<\/li><li>Ter n\u00edvel de ingl\u00eas intermedi\u00e1rio alto ou avan\u00e7ado.<\/li><\/ol>\n\n\n\n<p><strong>Al\u00e9m disso, o Departamento de Estado busca alunos que:<\/strong><\/p>\n\n\n\n<ol class=\"wp-block-list\"><li>Demonstrem um forte esp\u00edrito de lideran\u00e7a<\/li><li>Tenham interesse em aprender mais sobre os Estados Unidos<\/li><li>Demonstrem comprometimento social atrav\u00e9s de atividades extracurriculares (trabalhos volunt\u00e1rios; projetos de extens\u00e3o)<\/li><li>Sejam maduros, respons\u00e1veis, independentes, tolerantes, gentis e inquisitivos<\/li><li>Tenham boas compet\u00eancias interculturais, ou seja, consigam se adaptar a pr\u00e1ticas culturais e sociais diferentes das suas com facilidade<\/li><\/ol>\n<\/div><\/div>\n\n\n\n<div class=\"wp-block-group\"><div class=\"wp-block-group__inner-container is-layout-flow wp-block-group-is-layout-flow\">\n<h2 class=\"has-text-align-center wp-block-heading\"><strong>Sobre o Processo de Sele\u00e7\u00e3o<\/strong><\/h2>\n\n\n\n<p class=\"has-text-align-center\">Ser\u00e3o selecionados 03 estudantes: 1 da UNIT-SE, 1 da UNIT-AL e 1 da UNIT-PE ou FITS. O processo seletivo para esta oportunidade se dar\u00e1 em 03 etapas: O preenchimento do <a href=\"https:\/\/forms.gle\/FFESS7DW8mcuRkhPA\">Formul\u00e1rio de Interesse<\/a>; a Entrevista; e a sele\u00e7\u00e3o ampla:<\/p>\n\n\n\n<ol class=\"wp-block-list\"><li><strong><a href=\"https:\/\/forms.gle\/FFESS7DW8mcuRkhPA\">Formul\u00e1rio de Interesse<\/a><\/strong><ul><li>Deve ser preenchido at\u00e9 as 09h00 do dia 06\/10\/2021<\/li><li>Dever\u00e1 conter TODOS os documentos obrigat\u00f3rios que ser\u00e3o listados na pr\u00f3xima sess\u00e3o<\/li><\/ul><\/li><li><strong>Entrevista<\/strong><ul><li>Os dois candidatos mais bem classificados de cada IES dever\u00e3o passar por uma breve entrevista com representantes das Institui\u00e7\u00f5es de Ensino Superior envolvidas na sele\u00e7\u00e3o. <\/li><li>As entrevistas ir\u00e3o acontecer nos dias 07\/10\/2021 e 08\/10\/2021<\/li><li>O aluno precisar\u00e1 indicar sua disponibilidade j\u00e1 no formul\u00e1rio de interesse<\/li><\/ul><\/li><li><strong>A sele\u00e7\u00e3o ampla<\/strong><ul><li>Fase final da sele\u00e7\u00e3o em que os 3 estudantes indicados pelo Grupo Tiradentes passar\u00e3o por uma avalia\u00e7\u00e3o externa<\/li><li>Os estudantes estar\u00e3o competindo com estudantes de outras 06 Institui\u00e7\u00f5es de Ensino Superior do Brasil<\/li><li>O n\u00famero total de vagas do programa \u00e9 de 5 aprovados<\/li><\/ul><\/li><\/ol>\n<\/div><\/div>\n\n\n\n<div class=\"wp-block-group\"><div class=\"wp-block-group__inner-container is-layout-flow wp-block-group-is-layout-flow\">\n<h2 class=\"has-text-align-center wp-block-heading\"><strong>Sobre os Documentos de Inscri\u00e7\u00e3o<\/strong><\/h2>\n\n\n\n<p>Para a inscri\u00e7\u00e3o,  a carta de motiva\u00e7\u00e3o, o<em> application form<\/em> e o curr\u00edculo dever\u00e3o estar em ingl\u00eas. O hist\u00f3rico deve estar em portugu\u00eas.<\/p>\n\n\n\n<ol class=\"wp-block-list\"><li>Hist\u00f3rico escolar mais recente<\/li><li>Curriculum Vitae<\/li><li><em>Application Form<\/em> preenchido (fa\u00e7a o download <a href=\"https:\/\/www.grupotiradentes.com\/international\/wp-content\/uploads\/2021\/09\/Application_Form_Editado.docx\" target=\"_blank\" rel=\"noreferrer noopener\" aria-label=\" (abre numa nova aba)\">aqui<\/a>)<\/li><li> Carta de Motiva\u00e7\u00e3o (<em>Essay<\/em>) que responda \u00e0s perguntas listadas na \u00faltima p\u00e1gina do formul\u00e1rio de inscri\u00e7\u00e3o (M\u00e1ximo de 750 palavras) <\/li><li>Certificado de profici\u00eancia em ingl\u00eas (TOEFL, IELTS, ou outro que possua. O certificado de profici\u00eancia \u00e9 desej\u00e1vel, mas caso o candidato n\u00e3o possua certificado de profici\u00eancia, podemos verificar o n\u00edvel de profici\u00eancia pelos <em>essays<\/em> e outros documentos de inscri\u00e7\u00e3o, bem como por uma entrevista por video-confer\u00eancia) <strong>(Ap\u00f3s a sele\u00e7\u00e3o)&nbsp; <\/strong> &nbsp;<\/li><li> <em>Carta de recomenda\u00e7\u00e3o em ingl\u00eas de um professor ou supervisor que possa atestar em rela\u00e7\u00e3o ao interesse do candidato acerca do tema de empreendedorismo social e flu\u00eancia em ingl\u00eas <\/em><strong>(Ap\u00f3s a sele\u00e7\u00e3o)&nbsp; <\/strong><\/li><\/ol>\n<\/div><\/div>\n\n\n\n<div class=\"wp-block-group\"><div class=\"wp-block-group__inner-container is-layout-flow wp-block-group-is-layout-flow\">\n<h2 class=\"has-text-align-center wp-block-heading\"><strong>Sobre os custos da Viagem<\/strong><\/h2>\n\n\n\n<p>O Departamento de Estado dos EUA se responsabilizar\u00e1 pelos custos de:<\/p>\n\n\n\n<ul class=\"wp-block-list\"><li>Passagens a\u00e9reas<\/li><li>Acomoda\u00e7\u00e3o<\/li><li>Alimenta\u00e7\u00e3o<\/li><li>Emiss\u00e3o do visto J1<\/li><li>Seguro Sa\u00fade<\/li><\/ul>\n\n\n\n<p>Ser\u00e1 de responsabilidade dos alunos os custos com:<\/p>\n\n\n\n<ul class=\"wp-block-list\"><li>Viagem at\u00e9 Recife para a emiss\u00e3o do visto (se houver)<\/li><li>Custo de emiss\u00e3o do passaporte (se houver)<\/li><li>Despesas pessoais extra dos discentes selecionados (ex: compras, lanches, excesso de bagagem, passeios)<\/li><li>Seguro viagem<\/li><\/ul>\n<\/div><\/div>\n\n\n\n<h2 class=\"has-text-align-center wp-block-heading\"><strong>Dicas para Inscri\u00e7\u00e3o<\/strong><\/h2>\n\n\n\n<p>Na hora de escrever sua carta de motiva\u00e7\u00e3o, pense naquilo que \u00e9 relevante para a sele\u00e7\u00e3o:<\/p>\n\n\n\n<ul class=\"wp-block-list\"><li>Hist\u00f3rico de trabalhos com comunidades<\/li><li>Hist\u00f3rico de excel\u00eancia acad\u00eamica<\/li><li>O que te diferencia dos demais candidatos?<\/li><li>Lembre-se, eles disponibilizaram o perfil que esperam do candidato. Voc\u00ea tem essas caracter\u00edsticas? <\/li><\/ul>\n\n\n\n<div class=\"wp-block-group has-very-light-gray-background-color has-background\"><div class=\"wp-block-group__inner-container is-layout-flow wp-block-group-is-layout-flow\">\n<p>Em caso de d\u00favidas ou questionamentos, entre em contato com a Coordena\u00e7\u00e3o de Rela\u00e7\u00f5es Internacionais da sua unidade!<\/p>\n\n\n\n<ul class=\"wp-block-list\"><li>UNIT-SE: international@unit.br<\/li><li>UNIT-AL: leonardo_barreto@al.unit.br<\/li><li>UNIT-PE e FITS: renata_mindello@pe.unit.br<\/li><\/ul>\n<\/div><\/div>\n","protected":false},"excerpt":{"rendered":"<p>Confira aqui a lista dos 3 discentes aprovados, que ser\u00e3o nomeados para o processo de sele\u00e7\u00e3o externo. Confira aqui a lista de discentes classificados para a etapa de entrevistas! Os Studies of the U.S. Institutes s\u00e3o programas acad\u00eamicos com dura\u00e7\u00e3o de 5 a 6 semanas, focados em grupos de discentes, docentes e pesquisadores estrangeiros. Os [&hellip;]<\/p>\n","protected":false},"author":9,"featured_media":0,"parent":0,"menu_order":0,"comment_status":"closed","ping_status":"closed","template":"","meta":{"footnotes":""},"class_list":["post-1339","page","type-page","status-publish","hentry"],"_links":{"self":[{"href":"https:\/\/www.grupotiradentes.com\/international\/wp-json\/wp\/v2\/pages\/1339","targetHints":{"allow":["GET"]}}],"collection":[{"href":"https:\/\/www.grupotiradentes.com\/international\/wp-json\/wp\/v2\/pages"}],"about":[{"href":"https:\/\/www.grupotiradentes.com\/international\/wp-json\/wp\/v2\/types\/page"}],"author":[{"embeddable":true,"href":"https:\/\/www.grupotiradentes.com\/international\/wp-json\/wp\/v2\/users\/9"}],"replies":[{"embeddable":true,"href":"https:\/\/www.grupotiradentes.com\/international\/wp-json\/wp\/v2\/comments?post=1339"}],"version-history":[{"count":9,"href":"https:\/\/www.grupotiradentes.com\/international\/wp-json\/wp\/v2\/pages\/1339\/revisions"}],"predecessor-version":[{"id":1423,"href":"https:\/\/www.grupotiradentes.com\/international\/wp-json\/wp\/v2\/pages\/1339\/revisions\/1423"}],"wp:attachment":[{"href":"https:\/\/www.grupotiradentes.com\/international\/wp-json\/wp\/v2\/media?parent=1339"}],"curies":[{"name":"wp","href":"https:\/\/api.w.org\/{rel}","templated":true}]}}